{"id":15520,"date":"2025-07-09T16:59:13","date_gmt":"2025-07-09T19:59:13","guid":{"rendered":"https:\/\/larya.com.br\/blog\/?page_id=15520"},"modified":"2025-08-05T14:12:28","modified_gmt":"2025-08-05T17:12:28","slug":"nathan-larya","status":"publish","type":"page","link":"https:\/\/larya.com.br\/blog\/authors\/nathan-larya\/","title":{"rendered":"Nathan Varda"},"content":{"rendered":"\t\t<div data-elementor-type=\"wp-page\" data-elementor-id=\"15520\" class=\"elementor elementor-15520\">\n\t\t\t\t\t\t<section class=\"elementor-section elementor-top-section elementor-element elementor-element-5358e8e elementor-section-boxed elementor-section-height-default elementor-section-height-default wpr-particle-no wpr-jarallax-no wpr-parallax-no wpr-sticky-section-no\" data-id=\"5358e8e\" data-element_type=\"section\">\n\t\t\t\t\t\t<div class=\"elementor-container elementor-column-gap-default\">\n\t\t\t\t\t<div class=\"elementor-column elementor-col-33 elementor-top-column elementor-element elementor-element-5dab3bd\" data-id=\"5dab3bd\" data-element_type=\"column\">\n\t\t\t<div class=\"elementor-widget-wrap elementor-element-populated\">\n\t\t\t\t\t\t<div class=\"elementor-element elementor-element-bc45242 elementor-widget elementor-widget-image\" data-id=\"bc45242\" data-element_type=\"widget\" data-widget_type=\"image.default\">\n\t\t\t\t\t\t\t\t\t\t\t\t\t\t\t<img fetchpriority=\"high\" decoding=\"async\" width=\"301\" height=\"300\" src=\"https:\/\/larya.com.br\/blog\/wp-content\/uploads\/2025\/07\/Nathan-Varda.jpg\" class=\"attachment-full size-full wp-image-15528\" alt=\"Nathan Varda\" \/>\t\t\t\t\t\t\t\t\t\t\t\t\t\t\t<\/div>\n\t\t\t\t\t<\/div>\n\t\t<\/div>\n\t\t\t\t<div class=\"elementor-column elementor-col-66 elementor-top-column elementor-element elementor-element-0a1ffe2\" data-id=\"0a1ffe2\" data-element_type=\"column\">\n\t\t\t<div class=\"elementor-widget-wrap elementor-element-populated\">\n\t\t\t\t\t\t<div class=\"elementor-element elementor-element-a5b2552 my-heading elementor-widget elementor-widget-heading\" data-id=\"a5b2552\" data-element_type=\"widget\" data-widget_type=\"heading.default\">\n\t\t\t\t\t<h2 class=\"elementor-heading-title elementor-size-default\">Nathan Varda<\/h2>\t\t\t\t<\/div>\n\t\t\t\t<div class=\"elementor-element elementor-element-c572515 elementor-widget elementor-widget-heading\" data-id=\"c572515\" data-element_type=\"widget\" data-widget_type=\"heading.default\">\n\t\t\t\t\t<h2 class=\"elementor-heading-title elementor-size-default\">Nathan Varda \u00e9 urbanista, estrategista digital e empreendedor no setor imobili\u00e1rio. Mestre em Planejamento Urbano pelo Technion, combina vis\u00e3o territorial com tecnologia para criar solu\u00e7\u00f5es acess\u00edveis e inteligentes no mercado de cr\u00e9dito imobili\u00e1rio. Atualmente, lidera projetos que unem automa\u00e7\u00e3o, dados e experi\u00eancia do usu\u00e1rio para facilitar o acesso \u00e0 casa pr\u00f3pria no Brasil.<\/h2>\t\t\t\t<\/div>\n\t\t\t\t\t<\/div>\n\t\t<\/div>\n\t\t\t\t\t<\/div>\n\t\t<\/section>\n\t\t\t\t<section class=\"elementor-section elementor-top-section elementor-element elementor-element-b0aa6b5 elementor-section-boxed elementor-section-height-default elementor-section-height-default wpr-particle-no wpr-jarallax-no wpr-parallax-no wpr-sticky-section-no\" data-id=\"b0aa6b5\" data-element_type=\"section\">\n\t\t\t\t\t\t<div class=\"elementor-container elementor-column-gap-default\">\n\t\t\t\t\t<div class=\"elementor-column elementor-col-66 elementor-top-column elementor-element elementor-element-05a3230\" data-id=\"05a3230\" data-element_type=\"column\">\n\t\t\t<div class=\"elementor-widget-wrap elementor-element-populated\">\n\t\t\t\t\t\t<div class=\"elementor-element elementor-element-00a965d my-heading elementor-widget elementor-widget-heading\" data-id=\"00a965d\" data-element_type=\"widget\" data-widget_type=\"heading.default\">\n\t\t\t\t\t<h2 class=\"elementor-heading-title elementor-size-default\">Artigos Recentes<\/h2>\t\t\t\t<\/div>\n\t\t\t\t\t<\/div>\n\t\t<\/div>\n\t\t\t\t<div class=\"elementor-column elementor-col-33 elementor-top-column elementor-element elementor-element-9c58943\" data-id=\"9c58943\" data-element_type=\"column\">\n\t\t\t<div class=\"elementor-widget-wrap\">\n\t\t\t\t\t\t\t<\/div>\n\t\t<\/div>\n\t\t\t\t\t<\/div>\n\t\t<\/section>\n\t\t\t\t<section class=\"elementor-section elementor-top-section elementor-element elementor-element-e63e239 elementor-section-boxed elementor-section-height-default elementor-section-height-default wpr-particle-no wpr-jarallax-no wpr-parallax-no wpr-sticky-section-no\" data-id=\"e63e239\" data-element_type=\"section\">\n\t\t\t\t\t\t<div class=\"elementor-container elementor-column-gap-default\">\n\t\t\t\t\t<div class=\"elementor-column elementor-col-100 elementor-top-column elementor-element elementor-element-5bf04f4\" data-id=\"5bf04f4\" data-element_type=\"column\">\n\t\t\t<div class=\"elementor-widget-wrap elementor-element-populated\">\n\t\t\t\t\t\t<div class=\"elementor-element elementor-element-efadff9 my-posts wpr-grid-columns-3 wpr-grid-columns--tablet2 wpr-grid-columns--mobile1 wpr-grid-pagination-center wpr-item-styles-inner elementor-widget elementor-widget-wpr-grid\" data-id=\"efadff9\" data-element_type=\"widget\" data-widget_type=\"wpr-grid.default\">\n\t\t\t\t\t<ul class=\"wpr-grid-filters elementor-clearfix wpr-grid-filters-sep-right\"><li class=\" wpr-pointer-none wpr-pointer-line-fx wpr-pointer-fx-none\"><span  data-filter=\"*\" class=\"wpr-grid-filters-item wpr-active-filter \">All Posts<\/span><em class=\"wpr-grid-filters-sep\"><\/em><\/li><li class=\" wpr-pointer-none wpr-pointer-line-fx wpr-pointer-fx-none\"><span   data-ajax-filter=[\"category\",\"avaliacao-de-imoveis\"]  data-filter=\".category-avaliacao-de-imoveis\">Avalia\u00e7\u00e3o de Im\u00f3veis<\/span><em class=\"wpr-grid-filters-sep\"><\/em><\/li><li class=\" wpr-pointer-none wpr-pointer-line-fx wpr-pointer-fx-none\"><span   data-ajax-filter=[\"category\",\"dicas-para-corretores\"]  data-filter=\".category-dicas-para-corretores\">Corretor de Im\u00f3veis<\/span><em class=\"wpr-grid-filters-sep\"><\/em><\/li><li data-role=\"parent\" class=\" wpr-pointer-none wpr-pointer-line-fx wpr-pointer-fx-none\"><span   data-ajax-filter=[\"category\",\"financiamento-imobiliario\"]  data-filter=\".category-financiamento-imobiliario\">Financiamento Imobili\u00e1rio<\/span><em class=\"wpr-grid-filters-sep\"><\/em><\/li><li class=\" wpr-pointer-none wpr-pointer-line-fx wpr-pointer-fx-none\"><span   data-ajax-filter=[\"category\",\"guia-do-comprador\"]  data-filter=\".category-guia-do-comprador\">Guia do Comprador<\/span><em class=\"wpr-grid-filters-sep\"><\/em><\/li><li class=\" wpr-pointer-none wpr-pointer-line-fx wpr-pointer-fx-none\"><span   data-ajax-filter=[\"category\",\"mercado-imobiliario-2026\"]  data-filter=\".category-mercado-imobiliario-2026\">Mercado Imobili\u00e1rio 2026<\/span><em class=\"wpr-grid-filters-sep\"><\/em><\/li><ul data-parent=\".category-financiamento-imobiliario\" class=\"wpr-sub-filters\"><li data-role=\"back\" class=\" wpr-pointer-none wpr-pointer-line-fx wpr-pointer-fx-none\"><span class=\"wpr-back-filter\"  data-ajax-filter=[\"category\",\"financiamento-imobiliario\"]  data-filter=\".category-financiamento-imobiliario\"><i class=\"fas fa-long-arrow-alt-left\"><\/i>&nbsp;&nbsp;Back<\/span><\/li><li data-role=\"sub\" class=\" wpr-pointer-none wpr-pointer-line-fx wpr-pointer-fx-none\"><span   data-ajax-filter=[\"category\",\"emprestimo-com-garantia-de-imovel\"]  data-filter=\".category-emprestimo-com-garantia-de-imovel\">Empr\u00e9stimo com garantia de im\u00f3vel<\/span><em class=\"wpr-grid-filters-sep\"><\/em><\/li><li data-role=\"sub\" class=\" wpr-pointer-none wpr-pointer-line-fx wpr-pointer-fx-none\"><span   data-ajax-filter=[\"category\",\"consorcio-imobiliario\"]  data-filter=\".category-consorcio-imobiliario\">Cons\u00f3rcio Imobili\u00e1rio<\/span><em class=\"wpr-grid-filters-sep\"><\/em><\/li><li data-role=\"sub\" class=\" wpr-pointer-none wpr-pointer-line-fx wpr-pointer-fx-none\"><span   data-ajax-filter=[\"category\",\"portabilidade-de-credito-imobiliario\"]  data-filter=\".category-portabilidade-de-credito-imobiliario\">Portabilidade de Cr\u00e9dito Imobili\u00e1rio<\/span><em class=\"wpr-grid-filters-sep\"><\/em><\/li><li data-role=\"sub\" class=\" wpr-pointer-none wpr-pointer-line-fx wpr-pointer-fx-none\"><span   data-ajax-filter=[\"category\",\"financiamento-para-construcao\"]  data-filter=\".category-financiamento-para-construcao\">Financiamento para Constru\u00e7\u00e3o<\/span><em class=\"wpr-grid-filters-sep\"><\/em><\/li><\/ul><\/ul><section class=\"wpr-grid elementor-clearfix\" data-settings=\"{&quot;layout&quot;:&quot;fitRows&quot;,&quot;stick_last_element_to_bottom&quot;:&quot;&quot;,&quot;columns_desktop&quot;:3,&quot;gutter_hr&quot;:25,&quot;gutter_hr_mobile&quot;:25,&quot;gutter_hr_mobile_extra&quot;:25,&quot;gutter_hr_tablet&quot;:25,&quot;gutter_hr_tablet_extra&quot;:25,&quot;gutter_hr_laptop&quot;:25,&quot;gutter_hr_widescreen&quot;:25,&quot;gutter_vr&quot;:25,&quot;gutter_vr_mobile&quot;:25,&quot;gutter_vr_mobile_extra&quot;:25,&quot;gutter_vr_tablet&quot;:25,&quot;gutter_vr_tablet_extra&quot;:25,&quot;gutter_vr_laptop&quot;:25,&quot;gutter_vr_widescreen&quot;:25,&quot;animation&quot;:&quot;default&quot;,&quot;animation_duration&quot;:0.3,&quot;animation_delay&quot;:0.1,&quot;deeplinking&quot;:&quot;&quot;,&quot;filters_linkable&quot;:&quot;no&quot;,&quot;filters_default_filter&quot;:&quot;&quot;,&quot;filters_count&quot;:&quot;&quot;,&quot;filters_hide_empty&quot;:&quot;no&quot;,&quot;filters_animation&quot;:&quot;default&quot;,&quot;filters_animation_duration&quot;:0.3,&quot;filters_animation_delay&quot;:0.1,&quot;pagination_type&quot;:&quot;load-more&quot;,&quot;pagination_max_pages&quot;:9,&quot;lightbox&quot;:{&quot;selector&quot;:&quot;.wpr-grid-image-wrap&quot;,&quot;iframeMaxWidth&quot;:&quot;60%&quot;,&quot;hash&quot;:false,&quot;autoplay&quot;:&quot;true&quot;,&quot;pause&quot;:5000,&quot;progressBar&quot;:&quot;true&quot;,&quot;counter&quot;:&quot;true&quot;,&quot;controls&quot;:&quot;true&quot;,&quot;getCaptionFromTitleOrAlt&quot;:&quot;true&quot;,&quot;thumbnail&quot;:&quot;&quot;,&quot;showThumbByDefault&quot;:&quot;&quot;,&quot;share&quot;:&quot;&quot;,&quot;zoom&quot;:&quot;true&quot;,&quot;fullScreen&quot;:&quot;true&quot;,&quot;download&quot;:&quot;true&quot;}}\" data-advanced-filters=\"no\"><article class=\"wpr-grid-item elementor-clearfix post-13892 post type-post status-publish format-standard has-post-thumbnail hentry category-dicas-para-corretores category-mercado-imobiliario-2026 tag-a-caixa-financia-imovel-com-contrato-de-compra-e-venda tag-aquisicao-de-imovel tag-avaliacao-imobiliaria tag-commercial-3 tag-como-declarar-imovel-com-contrato-de-compra-e-venda tag-como-fazer-contrato-de-compra-e-venda-de-imovel tag-compra-e-venda tag-contrato-de-compra-e-venda tag-contrato-de-compra-e-venda-de-imovel tag-contrato-de-compra-e-venda-de-terreno tag-contrato-de-compra-e-venda-imovel tag-contrato-de-imovel tag-contrato-de-venda-e-compra-de-imovel tag-documentos-de-imovel tag-escritura-publica tag-financiamento-imobiliario tag-intents-informational-29 tag-larya tag-mercado-imobiliario tag-modelo-de-contrato tag-modelo-de-contrato-de-compra-e-venda-de-terreno tag-negociacao-de-imoveis tag-quem-paga-o-contrato-de-compra-e-venda-de-imovel tag-registro-de-imovel tag-seguranca-juridica tag-transactional-69-contrato-de-compra-e-venda-de-casa tag-transferencia-de-propriedade tag-venda-de-imovel\"><div class=\"wpr-grid-item-inner\"><div class=\"wpr-grid-media-wrap wpr-effect-size-medium \" data-overlay-link=\"yes\"><div class=\"wpr-grid-image-wrap\" data-src=\"https:\/\/larya.com.br\/blog\/wp-content\/uploads\/elementor\/thumbs\/consulta-medica-jovem-casal-sorridente-sala-jpg-r9tak5tt8joqc1s5qoc5vskbsh53dd01k3jqsqllzs.webp\" data-img-on-hover=\"\"  data-src-secondary=\"\"><img decoding=\"async\" data-no-lazy=\"1\" src=\"https:\/\/larya.com.br\/blog\/wp-content\/uploads\/elementor\/thumbs\/consulta-medica-jovem-casal-sorridente-sala-jpg-r9tak5tt8joqc1s5qoc5vskbsh53dd01k3jqsqllzs.webp\" alt=\"O que \u00e9 um contrato de compra e venda de im\u00f3vel? (Fonte: Larya)\" class=\"wpr-anim-timing-ease-default\"><\/div><div class=\"wpr-grid-media-hover wpr-animation-wrap\"><div class=\"wpr-grid-media-hover-bg  wpr-overlay-fade-in wpr-anim-size-large wpr-anim-timing-ease-default wpr-anim-transparency\" data-url=\"https:\/\/larya.com.br\/blog\/contrato-de-compra-e-venda-do-imovel\/\"><\/div><\/div><\/div><div class=\"wpr-grid-item-below-content elementor-clearfix\"><h2 class=\"wpr-grid-item-title elementor-repeater-item-1743dc4 wpr-grid-item-display-block wpr-grid-item-align-left wpr-pointer-none wpr-pointer-line-fx wpr-pointer-fx-fade\"><div class=\"inner-block\"><a target=\"_self\"  href=\"https:\/\/larya.com.br\/blog\/contrato-de-compra-e-venda-do-imovel\/\">O que \u00e9 um contrato de compra e venda de im\u00f3vel?<\/a><\/div><\/h2><div class=\"wpr-grid-item-excerpt elementor-repeater-item-f049699 wpr-grid-item-display-block wpr-grid-item-align-left\"><div class=\"inner-block\"><p>Escrito por Equipe de Cr\u00e9dito Imobili\u00e1rio LARYA \u2022 Atualizado em 29\/04\/2026 Contrato de Compra e Venda de Im\u00f3vel: O Guia Definitivo 2026 Em abril...<\/p><\/div><\/div><div class=\"wpr-grid-item-read-more elementor-repeater-item-3bdc5cd wpr-grid-item-display-block wpr-grid-item-align-left\"><div class=\"inner-block\"><a target=\"_self\" href=\"https:\/\/larya.com.br\/blog\/contrato-de-compra-e-venda-do-imovel\/\" class=\"wpr-button-effect wpr-button-none\"><span>Leia Mais<\/span><\/a><\/div><\/div><\/div><\/div><\/article><article class=\"wpr-grid-item elementor-clearfix post-12093 post type-post status-publish format-standard has-post-thumbnail hentry category-guia-do-comprador category-mercado-imobiliario-2026 tag-compra-de-imovel tag-compra-de-imovel-na-planta tag-comprar-casa tag-comprar-imovel-na-planta tag-documentacao-imobiliaria tag-documentos-para-compra-de-imovel tag-documentos-para-comprar-imovel-na-planta tag-fgts tag-financiamento-imobiliario tag-imoveis tag-regularizacao-de-obra\"><div class=\"wpr-grid-item-inner\"><div class=\"wpr-grid-media-wrap wpr-effect-size-medium \" data-overlay-link=\"yes\"><div class=\"wpr-grid-image-wrap\" data-src=\"https:\/\/larya.com.br\/blog\/wp-content\/uploads\/elementor\/thumbs\/projetos-arquitetonicos-planejamento-construcao-civil-r87wrmi22yrleu8brgt1dfnd2e6yy92c60lq6hkk9k.webp\" data-img-on-hover=\"\"  data-src-secondary=\"\"><img decoding=\"async\" data-no-lazy=\"1\" src=\"https:\/\/larya.com.br\/blog\/wp-content\/uploads\/elementor\/thumbs\/projetos-arquitetonicos-planejamento-construcao-civil-r87wrmi22yrleu8brgt1dfnd2e6yy92c60lq6hkk9k.webp\" alt=\"Quais os documentos necess\u00e1rios para comprar um im\u00f3vel na planta? Confira (Fonte: Larya)\" class=\"wpr-anim-timing-ease-default\"><\/div><div class=\"wpr-grid-media-hover wpr-animation-wrap\"><div class=\"wpr-grid-media-hover-bg  wpr-overlay-fade-in wpr-anim-size-large wpr-anim-timing-ease-default wpr-anim-transparency\" data-url=\"https:\/\/larya.com.br\/blog\/documentos-para-comprar-imovel-na-planta-2026\/\"><\/div><\/div><\/div><div class=\"wpr-grid-item-below-content elementor-clearfix\"><h2 class=\"wpr-grid-item-title elementor-repeater-item-1743dc4 wpr-grid-item-display-block wpr-grid-item-align-left wpr-pointer-none wpr-pointer-line-fx wpr-pointer-fx-fade\"><div class=\"inner-block\"><a target=\"_self\"  href=\"https:\/\/larya.com.br\/blog\/documentos-para-comprar-imovel-na-planta-2026\/\">Documentos para Comprar Im\u00f3vel na Planta: Guia 2026<\/a><\/div><\/h2><div class=\"wpr-grid-item-excerpt elementor-repeater-item-f049699 wpr-grid-item-display-block wpr-grid-item-align-left\"><div class=\"inner-block\"><p>Atualizado em: 29\/04\/2026 | Leitura estimada: 12 min Em abril de 2026, a LARYA Go Casa analisou mais de 1.000 processos de compra de...<\/p><\/div><\/div><div class=\"wpr-grid-item-read-more elementor-repeater-item-3bdc5cd wpr-grid-item-display-block wpr-grid-item-align-left\"><div class=\"inner-block\"><a target=\"_self\" href=\"https:\/\/larya.com.br\/blog\/documentos-para-comprar-imovel-na-planta-2026\/\" class=\"wpr-button-effect wpr-button-none\"><span>Leia Mais<\/span><\/a><\/div><\/div><\/div><\/div><\/article><article class=\"wpr-grid-item elementor-clearfix post-17497 post type-post status-publish format-standard has-post-thumbnail hentry category-financiamento-imobiliario tag-5-milhao tag-assesoria-de-financiamento-imobiliario tag-avaliacao-imobiliaria tag-bradesco tag-composicao-de-renda tag-composicao-de-renda-empresarial tag-credito-imobiliario tag-custos-de-cartorio tag-fgts tag-financiamento-1-8-milhao tag-financiamento-1-9-milhao tag-financiamento-2 tag-financiamento-2-5-milhao tag-financiamento-caixa tag-financiamento-habitacional tag-financiamento-imobiliario tag-financiamento-imobiliario-2026 tag-financiamento-r-3-milhoes tag-financiar-imovel-de-1-9-milhao tag-financiar-imovel-de-2-milhao tag-financiar-imovel-de-2-5-milhoes tag-financiar-imovel-de-3-milhoes tag-imoveis-de-alto-padrao tag-larya tag-novo-teto-sfh tag-renda-minima-para-financiamento tag-simulacao-habitacional tag-simulador-de-financiamento-imobiliario tag-taxa-de-juros tag-taxas-de-juros-imobiliarios tag-uso-do-fgts\"><div class=\"wpr-grid-item-inner\"><div class=\"wpr-grid-media-wrap wpr-effect-size-medium \" data-overlay-link=\"yes\"><div class=\"wpr-grid-image-wrap\" data-src=\"https:\/\/larya.com.br\/blog\/wp-content\/uploads\/elementor\/thumbs\/shutterstock_2419873647-1-scaled-ripwmdyun3c5u06ohzi8t84ohoeqttocskjurbijyw.jpg\" data-img-on-hover=\"\"  data-src-secondary=\"\"><img decoding=\"async\" data-no-lazy=\"1\" src=\"https:\/\/larya.com.br\/blog\/wp-content\/uploads\/elementor\/thumbs\/shutterstock_2419873647-1-scaled-ripwmdyun3c5u06ohzi8t84ohoeqttocskjurbijyw.jpg\" alt=\"Financiar im\u00f3vel de R$ 3 milh\u00e3o em 2026: renda m\u00ednima, parcela inicial, uso do FGTS, taxas SFH e ranking dos bancos mais baratos.\" class=\"wpr-anim-timing-ease-default\"><\/div><div class=\"wpr-grid-media-hover wpr-animation-wrap\"><div class=\"wpr-grid-media-hover-bg  wpr-overlay-fade-in wpr-anim-size-large wpr-anim-timing-ease-default wpr-anim-transparency\" data-url=\"https:\/\/larya.com.br\/blog\/qual-a-renda-para-financiar-um-imovel-de-r-3-milhoes\/\"><\/div><\/div><\/div><div class=\"wpr-grid-item-below-content elementor-clearfix\"><h2 class=\"wpr-grid-item-title elementor-repeater-item-1743dc4 wpr-grid-item-display-block wpr-grid-item-align-left wpr-pointer-none wpr-pointer-line-fx wpr-pointer-fx-fade\"><div class=\"inner-block\"><a target=\"_self\"  href=\"https:\/\/larya.com.br\/blog\/qual-a-renda-para-financiar-um-imovel-de-r-3-milhoes\/\">Qual a Renda para Financiar um Im\u00f3vel de R$ 3 Milh\u00f5es<\/a><\/div><\/h2><div class=\"wpr-grid-item-excerpt elementor-repeater-item-f049699 wpr-grid-item-display-block wpr-grid-item-align-left\"><div class=\"inner-block\"><p>Qual a renda para financiar 3 milh\u00f5es (Entrada de R$900 mil)? Ao dar uma entrada de 30% (R$900.000) em um im\u00f3vel de R$3 milh\u00f5es,...<\/p><\/div><\/div><div class=\"wpr-grid-item-read-more elementor-repeater-item-3bdc5cd wpr-grid-item-display-block wpr-grid-item-align-left\"><div class=\"inner-block\"><a target=\"_self\" href=\"https:\/\/larya.com.br\/blog\/qual-a-renda-para-financiar-um-imovel-de-r-3-milhoes\/\" class=\"wpr-button-effect wpr-button-none\"><span>Leia Mais<\/span><\/a><\/div><\/div><\/div><\/div><\/article><article class=\"wpr-grid-item elementor-clearfix post-12559 post type-post status-publish format-standard has-post-thumbnail hentry category-financiamento-imobiliario category-mercado-imobiliario-2026 tag-caixa tag-credito tag-credito-imobiliario tag-fgts tag-financiamento-imobiliario tag-financiar-um-imovel tag-o-que-e-tabela-price tag-price tag-price-tr-caixa tag-sac tag-sac-ou-price-quitar-antecipado tag-tabela-price-2026 tag-tabela-price-ou-sac tag-tabela-price-simulacao tag-tabela-sac-e-price tag-valorizacao-imobiliaria\"><div class=\"wpr-grid-item-inner\"><div class=\"wpr-grid-media-wrap wpr-effect-size-medium \" data-overlay-link=\"yes\"><div class=\"wpr-grid-image-wrap\" data-src=\"https:\/\/larya.com.br\/blog\/wp-content\/uploads\/elementor\/thumbs\/mulher-trabalhando-laptop-escritorio-noite-r8nq6yc3tasvlzt92wx5x00muhm0j6z8w9upi50fq0.webp\" data-img-on-hover=\"\"  data-src-secondary=\"\"><img decoding=\"async\" data-no-lazy=\"1\" src=\"https:\/\/larya.com.br\/blog\/wp-content\/uploads\/elementor\/thumbs\/mulher-trabalhando-laptop-escritorio-noite-r8nq6yc3tasvlzt92wx5x00muhm0j6z8w9upi50fq0.webp\" alt=\"Tabela Price vale a pena\" class=\"wpr-anim-timing-ease-default\"><\/div><div class=\"wpr-grid-media-hover wpr-animation-wrap\"><div class=\"wpr-grid-media-hover-bg  wpr-overlay-fade-in wpr-anim-size-large wpr-anim-timing-ease-default wpr-anim-transparency\" data-url=\"https:\/\/larya.com.br\/blog\/tabela-price-vale-a-pena-quando-escolher\/\"><\/div><\/div><\/div><div class=\"wpr-grid-item-below-content elementor-clearfix\"><h2 class=\"wpr-grid-item-title elementor-repeater-item-1743dc4 wpr-grid-item-display-block wpr-grid-item-align-left wpr-pointer-none wpr-pointer-line-fx wpr-pointer-fx-fade\"><div class=\"inner-block\"><a target=\"_self\"  href=\"https:\/\/larya.com.br\/blog\/tabela-price-vale-a-pena-quando-escolher\/\">Tabela Price Vale a Pena? 3 Casos Onde Ela Supera a SAC em 2026<\/a><\/div><\/h2><div class=\"wpr-grid-item-excerpt elementor-repeater-item-f049699 wpr-grid-item-display-block wpr-grid-item-align-left\"><div class=\"inner-block\"><p>Se voc\u00ea perguntar a qualquer gerente de banco &#8220;SAC ou Price?&#8221;, a resposta autom\u00e1tica ser\u00e1: &#8220;SAC \u00e9 melhor&#8221;. Mas ser\u00e1 que essa regra se...<\/p><\/div><\/div><div class=\"wpr-grid-item-read-more elementor-repeater-item-3bdc5cd wpr-grid-item-display-block wpr-grid-item-align-left\"><div class=\"inner-block\"><a target=\"_self\" href=\"https:\/\/larya.com.br\/blog\/tabela-price-vale-a-pena-quando-escolher\/\" class=\"wpr-button-effect wpr-button-none\"><span>Leia Mais<\/span><\/a><\/div><\/div><\/div><\/div><\/article><article class=\"wpr-grid-item elementor-clearfix post-17355 post type-post status-publish format-standard has-post-thumbnail hentry category-financiamento-imobiliario tag-calculadora-do-cidadao-banco-central tag-juros-financiamento-imobiliario tag-juros-simples tag-o-que-e-taxa-de-juros tag-qual-a-taxa-de-juros tag-qual-a-taxa-de-juros-para-financiamento-imobiliario tag-santander-financiamento tag-taxa-de-juros-brasil tag-taxa-de-juros-consignado tag-taxa-de-juros-financiamento tag-taxa-financiamento-imobiliario tag-taxa-selic-2026\"><div class=\"wpr-grid-item-inner\"><div class=\"wpr-grid-media-wrap wpr-effect-size-medium \" data-overlay-link=\"yes\"><div class=\"wpr-grid-image-wrap\" data-src=\"https:\/\/larya.com.br\/blog\/wp-content\/uploads\/elementor\/thumbs\/shutterstock_2700835611-rhy1onaavtasy1seo2x11dtgzt0fnmdxdqsl0xuvmg.jpg\" data-img-on-hover=\"\"  data-src-secondary=\"\"><img decoding=\"async\" data-no-lazy=\"1\" src=\"https:\/\/larya.com.br\/blog\/wp-content\/uploads\/elementor\/thumbs\/shutterstock_2700835611-rhy1onaavtasy1seo2x11dtgzt0fnmdxdqsl0xuvmg.jpg\" alt=\"juros financiamento imobiliario\" class=\"wpr-anim-timing-ease-default\"><\/div><div class=\"wpr-grid-media-hover wpr-animation-wrap\"><div class=\"wpr-grid-media-hover-bg  wpr-overlay-fade-in wpr-anim-size-large wpr-anim-timing-ease-default wpr-anim-transparency\" data-url=\"https:\/\/larya.com.br\/blog\/taxa-financiamento-imobiliario-2026\/\"><\/div><\/div><\/div><div class=\"wpr-grid-item-below-content elementor-clearfix\"><h2 class=\"wpr-grid-item-title elementor-repeater-item-1743dc4 wpr-grid-item-display-block wpr-grid-item-align-left wpr-pointer-none wpr-pointer-line-fx wpr-pointer-fx-fade\"><div class=\"inner-block\"><a target=\"_self\"  href=\"https:\/\/larya.com.br\/blog\/taxa-financiamento-imobiliario-2026\/\">Qual Banco Tem a Menor Taxa de Financiamento Imobili\u00e1rio em 2026?<\/a><\/div><\/h2><div class=\"wpr-grid-item-excerpt elementor-repeater-item-f049699 wpr-grid-item-display-block wpr-grid-item-align-left\"><div class=\"inner-block\"><p>Qual a melhor taxa de financiamento imobili\u00e1rio em Maio de 2026? A Caixa Econ\u00f4mica Federal lidera com a menor taxa de balc\u00e3o, a partir...<\/p><\/div><\/div><div class=\"wpr-grid-item-read-more elementor-repeater-item-3bdc5cd wpr-grid-item-display-block wpr-grid-item-align-left\"><div class=\"inner-block\"><a target=\"_self\" href=\"https:\/\/larya.com.br\/blog\/taxa-financiamento-imobiliario-2026\/\" class=\"wpr-button-effect wpr-button-none\"><span>Leia Mais<\/span><\/a><\/div><\/div><\/div><\/div><\/article><article class=\"wpr-grid-item elementor-clearfix post-17093 post type-post status-publish format-standard has-post-thumbnail hentry category-financiamento-imobiliario tag-amortizacao tag-amortizacao-price tag-amortizacao-sac tag-banco-central-sac-price-sistema-de-amortiza tag-comparador-sac-x-price tag-comparador-tabela-price-sac tag-price tag-price-x-sac tag-qual-a-melhor-tabela-de-financiamento-sac-ou-price tag-sac tag-sac-e-price tag-sac-e-tabela-price-diferen tag-sac-ou-price-quitar-antecipado tag-tabela-price-e-sac tag-tabela-sac-e-price\"><div class=\"wpr-grid-item-inner\"><div class=\"wpr-grid-media-wrap wpr-effect-size-medium \" data-overlay-link=\"yes\"><div class=\"wpr-grid-image-wrap\" data-src=\"https:\/\/larya.com.br\/blog\/wp-content\/uploads\/elementor\/thumbs\/Banco-Larya-03_50-rh2jl6040zk2v9zch6ew120vxqgq9e4csh9wnp63ko.webp\" data-img-on-hover=\"\"  data-src-secondary=\"\"><img decoding=\"async\" data-no-lazy=\"1\" src=\"https:\/\/larya.com.br\/blog\/wp-content\/uploads\/elementor\/thumbs\/Banco-Larya-03_50-rh2jl6040zk2v9zch6ew120vxqgq9e4csh9wnp63ko.webp\" alt=\"Tabela Price e SAC: Descubra qual economiza mais para voc\u00ea\" class=\"wpr-anim-timing-ease-default\"><\/div><div class=\"wpr-grid-media-hover wpr-animation-wrap\"><div class=\"wpr-grid-media-hover-bg  wpr-overlay-fade-in wpr-anim-size-large wpr-anim-timing-ease-default wpr-anim-transparency\" data-url=\"https:\/\/larya.com.br\/blog\/sac-ou-price-qual-a-melhor-tabela-para-financiar-em-2026\/\"><\/div><\/div><\/div><div class=\"wpr-grid-item-below-content elementor-clearfix\"><h2 class=\"wpr-grid-item-title elementor-repeater-item-1743dc4 wpr-grid-item-display-block wpr-grid-item-align-left wpr-pointer-none wpr-pointer-line-fx wpr-pointer-fx-fade\"><div class=\"inner-block\"><a target=\"_self\"  href=\"https:\/\/larya.com.br\/blog\/sac-ou-price-qual-a-melhor-tabela-para-financiar-em-2026\/\">SAC ou PRICE? Qual a melhor tabela para financiar em 2026?<\/a><\/div><\/h2><div class=\"wpr-grid-item-excerpt elementor-repeater-item-f049699 wpr-grid-item-display-block wpr-grid-item-align-left\"><div class=\"inner-block\"><p>Qual a melhor tabela para 2026? Matematicamente, a Tabela SAC \u00e9 superior. Em uma simula\u00e7\u00e3o de R$ 300 mil por 35 anos, a SAC...<\/p><\/div><\/div><div class=\"wpr-grid-item-read-more elementor-repeater-item-3bdc5cd wpr-grid-item-display-block wpr-grid-item-align-left\"><div class=\"inner-block\"><a target=\"_self\" href=\"https:\/\/larya.com.br\/blog\/sac-ou-price-qual-a-melhor-tabela-para-financiar-em-2026\/\" class=\"wpr-button-effect wpr-button-none\"><span>Leia Mais<\/span><\/a><\/div><\/div><\/div><\/div><\/article><article class=\"wpr-grid-item elementor-clearfix post-17491 post type-post status-publish format-standard has-post-thumbnail hentry category-financiamento-imobiliario tag-5-milhao tag-assesoria-de-financiamento-imobiliario tag-avaliacao-imobiliaria tag-bradesco tag-composicao-de-renda tag-composicao-de-renda-empresarial tag-credito-imobiliario tag-custos-de-cartorio tag-fgts tag-financiamento-1-8-milhao tag-financiamento-1-9-milhao tag-financiamento-2 tag-financiamento-2-milhao tag-financiamento-2-5-milhao tag-financiamento-2-5-milhoes tag-financiamento-caixa tag-financiamento-habitacional tag-financiamento-imobiliario tag-financiamento-imobiliario-2026 tag-financiamento-imobiliario-sfi-2026 tag-financiamento-sfi-2026 tag-financiar-imovel-de-1-9-milhao tag-financiar-imovel-de-2-milhao tag-financiar-imovel-de-2-5-milhoes tag-imoveis-de-alto-padrao tag-larya tag-novo-teto-sfh tag-parcela-financiamento-2-5-milhoes tag-quanto-fica-a-parcela-de-2-5-milhoes tag-r-1-9-mi tag-renda-minima-para-financiamento tag-renda-para-financiar-2-5-milhoes tag-simulacao-habitacional tag-simulador-de-financiamento-imobiliario tag-taxa-de-juros tag-taxas-de-juros-imobiliarios tag-uso-do-fgts\"><div class=\"wpr-grid-item-inner\"><div class=\"wpr-grid-media-wrap wpr-effect-size-medium \" data-overlay-link=\"yes\"><div class=\"wpr-grid-image-wrap\" data-src=\"https:\/\/larya.com.br\/blog\/wp-content\/uploads\/elementor\/thumbs\/shutterstock_2427205983-1-scaled-ripwsqdmru0u78ywg88l54houb4xs9v4nz2udk3vyw.jpg\" data-img-on-hover=\"\"  data-src-secondary=\"\"><img decoding=\"async\" data-no-lazy=\"1\" src=\"https:\/\/larya.com.br\/blog\/wp-content\/uploads\/elementor\/thumbs\/shutterstock_2427205983-1-scaled-ripwsqdmru0u78ywg88l54houb4xs9v4nz2udk3vyw.jpg\" alt=\"Financiar im\u00f3vel de R$ 2,5 milh\u00e3o em 2026: renda m\u00ednima, parcela inicial, uso do FGTS, taxas SFH e ranking dos bancos mais baratos.\" class=\"wpr-anim-timing-ease-default\"><\/div><div class=\"wpr-grid-media-hover wpr-animation-wrap\"><div class=\"wpr-grid-media-hover-bg  wpr-overlay-fade-in wpr-anim-size-large wpr-anim-timing-ease-default wpr-anim-transparency\" data-url=\"https:\/\/larya.com.br\/blog\/qual-a-renda-para-financiar-um-imovel-de-r-2-5-milhao\/\"><\/div><\/div><\/div><div class=\"wpr-grid-item-below-content elementor-clearfix\"><h2 class=\"wpr-grid-item-title elementor-repeater-item-1743dc4 wpr-grid-item-display-block wpr-grid-item-align-left wpr-pointer-none wpr-pointer-line-fx wpr-pointer-fx-fade\"><div class=\"inner-block\"><a target=\"_self\"  href=\"https:\/\/larya.com.br\/blog\/qual-a-renda-para-financiar-um-imovel-de-r-2-5-milhao\/\">Qual a Renda para Financiar um Im\u00f3vel de R$ 2,5 Milh\u00f5es<\/a><\/div><\/h2><div class=\"wpr-grid-item-excerpt elementor-repeater-item-f049699 wpr-grid-item-display-block wpr-grid-item-align-left\"><div class=\"inner-block\"><p>Qual a renda exigida para financiar 2,5 milh\u00f5es? Para financiar um im\u00f3vel de R$2.500.000 em 2026, com entrada de 20% (R$500 mil), a renda...<\/p><\/div><\/div><div class=\"wpr-grid-item-read-more elementor-repeater-item-3bdc5cd wpr-grid-item-display-block wpr-grid-item-align-left\"><div class=\"inner-block\"><a target=\"_self\" href=\"https:\/\/larya.com.br\/blog\/qual-a-renda-para-financiar-um-imovel-de-r-2-5-milhao\/\" class=\"wpr-button-effect wpr-button-none\"><span>Leia Mais<\/span><\/a><\/div><\/div><\/div><\/div><\/article><article class=\"wpr-grid-item elementor-clearfix post-17488 post type-post status-publish format-standard has-post-thumbnail hentry category-financiamento-imobiliario tag-assesoria-de-financiamento-imobiliario tag-avaliacao-imobiliaria tag-bradesco tag-composicao-de-renda tag-composicao-de-renda-empresarial tag-credito-imobiliario tag-custos-de-cartorio tag-fgts tag-fgts-imovel-alto-padrao tag-financiamento-1-8-milhao tag-financiamento-1-9-milhao tag-financiamento-2-milhao tag-financiamento-2-milhoes tag-financiamento-caixa tag-financiamento-caixa-2026 tag-financiamento-habitacional tag-financiamento-imobiliario tag-financiamento-imobiliario-2026 tag-financiar-imovel-de-1-9-milhao tag-financiar-imovel-de-2-milhao tag-imoveis-de-alto-padrao tag-larya tag-novo-teto-sfh tag-parcela-financiamento-2-milhoes tag-r-1-9-mi tag-renda-minima-para-financiamento tag-renda-para-financiar-2-milhoes tag-sac-ou-price tag-simulacao-habitacional tag-simulador-de-financiamento-imobiliario tag-taxa-de-juros tag-taxas-de-juros-imobiliarios tag-uanto-fica-a-parcela-de-2-milhoes tag-uso-do-fgts\"><div class=\"wpr-grid-item-inner\"><div class=\"wpr-grid-media-wrap wpr-effect-size-medium \" data-overlay-link=\"yes\"><div class=\"wpr-grid-image-wrap\" data-src=\"https:\/\/larya.com.br\/blog\/wp-content\/uploads\/elementor\/thumbs\/shutterstock_2667194771-1-scaled-ripve0z23klzwimejb73mx4j8124k2ked05we7afmg.jpg\" data-img-on-hover=\"\"  data-src-secondary=\"\"><img decoding=\"async\" data-no-lazy=\"1\" src=\"https:\/\/larya.com.br\/blog\/wp-content\/uploads\/elementor\/thumbs\/shutterstock_2667194771-1-scaled-ripve0z23klzwimejb73mx4j8124k2ked05we7afmg.jpg\" alt=\"Financiar im\u00f3vel de R$ 2 milh\u00e3o em 2026: renda m\u00ednima, parcela inicial, uso do FGTS, taxas SFH e ranking dos bancos mais baratos.\" class=\"wpr-anim-timing-ease-default\"><\/div><div class=\"wpr-grid-media-hover wpr-animation-wrap\"><div class=\"wpr-grid-media-hover-bg  wpr-overlay-fade-in wpr-anim-size-large wpr-anim-timing-ease-default wpr-anim-transparency\" data-url=\"https:\/\/larya.com.br\/blog\/qual-a-renda-para-financiar-um-imovel-de-r-2-milhao\/\"><\/div><\/div><\/div><div class=\"wpr-grid-item-below-content elementor-clearfix\"><h2 class=\"wpr-grid-item-title elementor-repeater-item-1743dc4 wpr-grid-item-display-block wpr-grid-item-align-left wpr-pointer-none wpr-pointer-line-fx wpr-pointer-fx-fade\"><div class=\"inner-block\"><a target=\"_self\"  href=\"https:\/\/larya.com.br\/blog\/qual-a-renda-para-financiar-um-imovel-de-r-2-milhao\/\">Qual a Renda para Financiar um Im\u00f3vel de R$ 2 Milh\u00f5es?<\/a><\/div><\/h2><div class=\"wpr-grid-item-excerpt elementor-repeater-item-f049699 wpr-grid-item-display-block wpr-grid-item-align-left\"><div class=\"inner-block\"><p>Qual a renda exigida para financiar 2 milh\u00f5es? Para financiar um im\u00f3vel de R$2.000.000 em 2026, com entrada m\u00ednima de 20% (R$400 mil), a...<\/p><\/div><\/div><div class=\"wpr-grid-item-read-more elementor-repeater-item-3bdc5cd wpr-grid-item-display-block wpr-grid-item-align-left\"><div class=\"inner-block\"><a target=\"_self\" href=\"https:\/\/larya.com.br\/blog\/qual-a-renda-para-financiar-um-imovel-de-r-2-milhao\/\" class=\"wpr-button-effect wpr-button-none\"><span>Leia Mais<\/span><\/a><\/div><\/div><\/div><\/div><\/article><article class=\"wpr-grid-item elementor-clearfix post-17484 post type-post status-publish format-standard has-post-thumbnail hentry category-financiamento-imobiliario tag-assesoria-de-financiamento-imobiliario tag-avaliacao-imobiliaria tag-bradesco tag-composicao-de-renda tag-composicao-de-renda-empresarial tag-credito-imobiliario tag-custos-de-cartorio tag-fgts tag-fgts-imovel-alto-padrao tag-financiamento-1-8-milhao tag-financiamento-1-9-milhao tag-financiamento-caixa tag-financiamento-habitacional tag-financiamento-imobiliario tag-financiamento-imobiliario-2026 tag-financiar-imovel-de-1-9-milhao tag-imoveis-de-alto-padrao tag-larya tag-novo-teto-sfh tag-parcela-financiamento-1-9-milhoes tag-r-1-9-mi tag-renda-minima-para-financiamento tag-simulacao-habitacional tag-simulador-de-financiamento-imobiliario tag-taxa-de-juros tag-taxas-de-juros-imobiliarios tag-uso-do-fgts\"><div class=\"wpr-grid-item-inner\"><div class=\"wpr-grid-media-wrap wpr-effect-size-medium \" data-overlay-link=\"yes\"><div class=\"wpr-grid-image-wrap\" data-src=\"https:\/\/larya.com.br\/blog\/wp-content\/uploads\/elementor\/thumbs\/shutterstock_2572178927-1-scaled-ripv7h1kg5n0ye53sz7qr2nu4bczw1jrskf0xr0908.jpg\" data-img-on-hover=\"\"  data-src-secondary=\"\"><img decoding=\"async\" data-no-lazy=\"1\" src=\"https:\/\/larya.com.br\/blog\/wp-content\/uploads\/elementor\/thumbs\/shutterstock_2572178927-1-scaled-ripv7h1kg5n0ye53sz7qr2nu4bczw1jrskf0xr0908.jpg\" alt=\"Financiar im\u00f3vel de R$ 1,9 milh\u00e3o em 2026: renda m\u00ednima, parcela inicial, uso do FGTS, taxas SFH e ranking dos bancos mais baratos.\" class=\"wpr-anim-timing-ease-default\"><\/div><div class=\"wpr-grid-media-hover wpr-animation-wrap\"><div class=\"wpr-grid-media-hover-bg  wpr-overlay-fade-in wpr-anim-size-large wpr-anim-timing-ease-default wpr-anim-transparency\" data-url=\"https:\/\/larya.com.br\/blog\/qual-a-renda-para-financiar-um-imovel-de-1-9-milhao\/\"><\/div><\/div><\/div><div class=\"wpr-grid-item-below-content elementor-clearfix\"><h2 class=\"wpr-grid-item-title elementor-repeater-item-1743dc4 wpr-grid-item-display-block wpr-grid-item-align-left wpr-pointer-none wpr-pointer-line-fx wpr-pointer-fx-fade\"><div class=\"inner-block\"><a target=\"_self\"  href=\"https:\/\/larya.com.br\/blog\/qual-a-renda-para-financiar-um-imovel-de-1-9-milhao\/\">Qual a Renda para Financiar um Im\u00f3vel de R$ 1,9 Milh\u00e3o?<\/a><\/div><\/h2><div class=\"wpr-grid-item-excerpt elementor-repeater-item-f049699 wpr-grid-item-display-block wpr-grid-item-align-left\"><div class=\"inner-block\"><p>Qual a renda exigida para financiar 1,9 milh\u00e3o? Para financiar um im\u00f3vel de R$1.900.000 em 2026, com entrada m\u00ednima de 20% (R$380 mil), a...<\/p><\/div><\/div><div class=\"wpr-grid-item-read-more elementor-repeater-item-3bdc5cd wpr-grid-item-display-block wpr-grid-item-align-left\"><div class=\"inner-block\"><a target=\"_self\" href=\"https:\/\/larya.com.br\/blog\/qual-a-renda-para-financiar-um-imovel-de-1-9-milhao\/\" class=\"wpr-button-effect wpr-button-none\"><span>Leia Mais<\/span><\/a><\/div><\/div><\/div><\/div><\/article><\/section><div class=\"wpr-grid-pagination elementor-clearfix wpr-grid-pagination-load-more\" data-pages=\"9\"><a href=\"https:\/\/larya.com.br\/blog\/wp-json\/wp\/v2\/pages\/15520\/page\/2\/\" class=\"wpr-load-more-btn\" data-e-disable-page-transition >Veja Mais<\/a><div class=\"wpr-pagination-loading\"><div class=\"wpr-double-bounce\"><div class=\"wpr-child wpr-double-bounce1\"><\/div><div class=\"wpr-child wpr-double-bounce2\"><\/div><\/div><\/div><p class=\"wpr-pagination-finish\">Fim<\/p><\/div>\t\t\t\t<\/div>\n\t\t\t\t\t<\/div>\n\t\t<\/div>\n\t\t\t\t\t<\/div>\n\t\t<\/section>\n\t\t\t\t<\/div>\n\t\t\n\n<div class=\"kk-star-ratings kksr-auto kksr-align-center kksr-valign-bottom\"\n    data-payload='{&quot;align&quot;:&quot;center&quot;,&quot;id&quot;:&quot;17484&quot;,&quot;slug&quot;:&quot;default&quot;,&quot;valign&quot;:&quot;bottom&quot;,&quot;ignore&quot;:&quot;&quot;,&quot;reference&quot;:&quot;auto&quot;,&quot;class&quot;:&quot;&quot;,&quot;count&quot;:&quot;1&quot;,&quot;legendonly&quot;:&quot;&quot;,&quot;readonly&quot;:&quot;&quot;,&quot;score&quot;:&quot;5&quot;,&quot;starsonly&quot;:&quot;&quot;,&quot;best&quot;:&quot;5&quot;,&quot;gap&quot;:&quot;3&quot;,&quot;greet&quot;:&quot;Avalie este artigo&quot;,&quot;legend&quot;:&quot;5\\\/5 - (1 voto)&quot;,&quot;size&quot;:&quot;26&quot;,&quot;title&quot;:&quot;Qual a Renda para Financiar um Im\u00f3vel de R$ 1,9 Milh\u00e3o?&quot;,&quot;width&quot;:&quot;143.5&quot;,&quot;_legend&quot;:&quot;{score}\\\/{best} - ({count} {votes})&quot;,&quot;font_factor&quot;:&quot;1.25&quot;}'>\n            \n<div class=\"kksr-stars\">\n    \n<div class=\"kksr-stars-inactive\">\n            <div class=\"kksr-star\" data-star=\"1\" style=\"padding-right: 3px\">\n            \n\n<div class=\"kksr-icon\" style=\"width: 26px; height: 26px;\"><\/div>\n        <\/div>\n            <div class=\"kksr-star\" data-star=\"2\" style=\"padding-right: 3px\">\n            \n\n<div class=\"kksr-icon\" style=\"width: 26px; height: 26px;\"><\/div>\n        <\/div>\n            <div class=\"kksr-star\" data-star=\"3\" style=\"padding-right: 3px\">\n            \n\n<div class=\"kksr-icon\" style=\"width: 26px; height: 26px;\"><\/div>\n        <\/div>\n            <div class=\"kksr-star\" data-star=\"4\" style=\"padding-right: 3px\">\n            \n\n<div class=\"kksr-icon\" style=\"width: 26px; height: 26px;\"><\/div>\n        <\/div>\n            <div class=\"kksr-star\" data-star=\"5\" style=\"padding-right: 3px\">\n            \n\n<div class=\"kksr-icon\" style=\"width: 26px; height: 26px;\"><\/div>\n        <\/div>\n    <\/div>\n    \n<div class=\"kksr-stars-active\" style=\"width: 143.5px;\">\n            <div class=\"kksr-star\" style=\"padding-right: 3px\">\n            \n\n<div class=\"kksr-icon\" style=\"width: 26px; height: 26px;\"><\/div>\n        <\/div>\n            <div class=\"kksr-star\" style=\"padding-right: 3px\">\n            \n\n<div class=\"kksr-icon\" style=\"width: 26px; height: 26px;\"><\/div>\n        <\/div>\n            <div class=\"kksr-star\" style=\"padding-right: 3px\">\n            \n\n<div class=\"kksr-icon\" style=\"width: 26px; height: 26px;\"><\/div>\n        <\/div>\n            <div class=\"kksr-star\" style=\"padding-right: 3px\">\n            \n\n<div class=\"kksr-icon\" style=\"width: 26px; height: 26px;\"><\/div>\n        <\/div>\n            <div class=\"kksr-star\" style=\"padding-right: 3px\">\n            \n\n<div class=\"kksr-icon\" style=\"width: 26px; height: 26px;\"><\/div>\n        <\/div>\n    <\/div>\n<\/div>\n                \n\n<div class=\"kksr-legend\" style=\"font-size: 20.8px;\">\n            5\/5 - (1 voto)    <\/div>\n    <\/div>\n<!-- AddThis Advanced Settings generic via filter on the_content --><!-- AddThis Share Buttons generic via filter on the_content -->","protected":false},"excerpt":{"rendered":"<p>Nathan Varda Nathan Varda \u00e9 urbanista, estrategista digital e empreendedor no setor imobili\u00e1rio. Mestre em Planejamento Urbano pelo Technion, combina vis\u00e3o territorial com tecnologia para criar solu\u00e7\u00f5es acess\u00edveis e inteligentes no mercado de cr\u00e9dito imobili\u00e1rio. Atualmente, lidera projetos que unem automa\u00e7\u00e3o, dados e experi\u00eancia do usu\u00e1rio para facilitar o acesso \u00e0 casa pr\u00f3pria no Brasil&#8230;.<!-- AddThis Advanced Settings generic via filter on get_the_excerpt --><!-- AddThis Share Buttons generic via filter on get_the_excerpt --><\/p>\n","protected":false},"author":43,"featured_media":14608,"parent":15580,"menu_order":0,"comment_status":"closed","ping_status":"closed","template":"","meta":{"_uf_show_specific_survey":0,"_uf_disable_surveys":false,"_kad_post_transparent":"default","_kad_post_title":"hide","_kad_post_layout":"fullwidth","_kad_post_sidebar_id":"","_kad_post_content_style":"unboxed","_kad_post_vertical_padding":"hide","_kad_post_feature":"hide","_kad_post_feature_position":"","_kad_post_header":false,"_kad_post_footer":false,"_kad_post_classname":"","footnotes":""},"class_list":["post-15520","page","type-page","status-publish","has-post-thumbnail","hentry"],"aioseo_notices":[],"jetpack_sharing_enabled":true,"_links":{"self":[{"href":"https:\/\/larya.com.br\/blog\/wp-json\/wp\/v2\/pages\/15520","targetHints":{"allow":["GET"]}}],"collection":[{"href":"https:\/\/larya.com.br\/blog\/wp-json\/wp\/v2\/pages"}],"about":[{"href":"https:\/\/larya.com.br\/blog\/wp-json\/wp\/v2\/types\/page"}],"author":[{"embeddable":true,"href":"https:\/\/larya.com.br\/blog\/wp-json\/wp\/v2\/users\/43"}],"replies":[{"embeddable":true,"href":"https:\/\/larya.com.br\/blog\/wp-json\/wp\/v2\/comments?post=15520"}],"version-history":[{"count":0,"href":"https:\/\/larya.com.br\/blog\/wp-json\/wp\/v2\/pages\/15520\/revisions"}],"up":[{"embeddable":true,"href":"https:\/\/larya.com.br\/blog\/wp-json\/wp\/v2\/pages\/15580"}],"wp:featuredmedia":[{"embeddable":true,"href":"https:\/\/larya.com.br\/blog\/wp-json\/wp\/v2\/media\/14608"}],"wp:attachment":[{"href":"https:\/\/larya.com.br\/blog\/wp-json\/wp\/v2\/media?parent=15520"}],"curies":[{"name":"wp","href":"https:\/\/api.w.org\/{rel}","templated":true}]}}