{"id":14901,"date":"2025-05-06T10:20:04","date_gmt":"2025-05-06T13:20:04","guid":{"rendered":"https:\/\/noticias.agenteimovel.com.br\/?post_type=ufaq&#038;p=14901"},"modified":"2025-07-07T19:33:01","modified_gmt":"2025-07-07T22:33:01","slug":"qual-o-impacto-da-taxa-selic-no-mercado-imobiliario-em-2025","status":"publish","type":"ufaq","link":"https:\/\/larya.com.br\/blog\/ufaq\/qual-o-impacto-da-taxa-selic-no-mercado-imobiliario-em-2025\/","title":{"rendered":"Qual o impacto da taxa Selic no mercado imobili\u00e1rio em 2025?"},"content":{"rendered":"<div  class=\"ewd-ufaq-faq-list ewd-ufaq-page-type-distinct ewd-ufaq-category-tabs-\" id='ewd-ufaq-faq-list'>\n\n\t<input type='hidden' name='show_on_load' value='' id='ewd-ufaq-show-on-load' \/>\n<input type='hidden' name='include_category' value='' id='ewd-ufaq-include-category' \/>\n<input type='hidden' name='exclude_category' value='' id='ewd-ufaq-exclude-category' \/>\n<input type='hidden' name='orderby' value='title' id='ewd-ufaq-orderby' \/>\n<input type='hidden' name='order' value='asc' id='ewd-ufaq-order' \/>\n<input type='hidden' name='post_count' value='-1' id='ewd-ufaq-post-count' \/>\n<input type='hidden' name='current_url' value='\/blog\/wp-json\/wp\/v2\/ufaq\/14901' id='ewd-ufaq-current-url' \/>\n\t\n\t\n\t<div class='ewd-ufaq-faqs'>\n\n\t\t<div  class=\"ewd-ufaq-faq-div ewd-ufaq-faq-column-count-one ewd-ufaq-faq-responsive-columns- ewd-ufaq-faq-display-style-default ewd-ufaq-can-be-toggled\" id='ewd-ufaq-post-14901-A4mHTqU8kj' data-post_id='14901'>\n\n\t\t\n\t<div class='ewd-ufaq-faq-title ewd-ufaq-faq-toggle'>\n\t\n\t<a class='ewd-ufaq-post-margin'  href='#' role=\"button\">\n\n\t\t<div class='ewd-ufaq-post-margin-symbol ewd-ufaq-'>\n\t\t\t<span >A<\/span>\n\t\t<\/div>\n\n\t\t<div class='ewd-ufaq-faq-title-text'>\n\n\t\t\t<h4>\n\t\t\t\tQual o impacto da taxa Selic no mercado imobili\u00e1rio em 2025?\t\t\t<\/h4>\n\n\t\t<\/div>\n\n\t\t<div class='ewd-ufaq-clear'><\/div>\n\n\t<\/a>\n\t\n<\/div>\n\t\n\t<div class='ewd-ufaq-faq-body' >\n\n\t\t\n\t\t\t<div class='ewd-ufaq-faq-categories'>\n\t\n\tCategory:\n\t\n\t\tMercado Imobili\u00e1rio\n\t\n<\/div>\n\t\t\n\t\t\t<div class='ewd-ufaq-post-margin ewd-ufaq-faq-post'>\n\t<p class=\"\" data-start=\"154\" data-end=\"633\">A <strong data-start=\"156\" data-end=\"170\">taxa Selic<\/strong>, principal instrumento de controle da infla\u00e7\u00e3o no Brasil, tem um impacto direto e profundo no <strong data-start=\"265\" data-end=\"296\">mercado imobili\u00e1rio em 2025<\/strong>. Quando a Selic est\u00e1 alta, os juros dos <strong data-start=\"337\" data-end=\"368\">financiamentos imobili\u00e1rios<\/strong> sobem, o que reduz a capacidade de compra da popula\u00e7\u00e3o e, consequentemente, diminui o n\u00famero de transa\u00e7\u00f5es no setor. Por outro lado, uma Selic em queda \u2014 como observado em 2025 \u2014 torna o cr\u00e9dito mais barato, aquece a demanda e impulsiona a valoriza\u00e7\u00e3o dos im\u00f3veis.<\/p>\n<p class=\"\" data-start=\"635\" data-end=\"900\">Al\u00e9m disso, investidores tendem a migrar de aplica\u00e7\u00f5es de renda fixa para ativos reais, como im\u00f3veis, quando os <strong data-start=\"747\" data-end=\"798\">rendimentos banc\u00e1rios se tornam menos atrativos<\/strong>, o que pode aumentar ainda mais a procura por bens imobili\u00e1rios, principalmente nas grandes capitais.<\/p>\n<p class=\"\" data-start=\"902\" data-end=\"1258\">Para compradores, \u00e9 essencial acompanhar a Selic, pois ela influencia diretamente no <strong data-start=\"987\" data-end=\"1016\">CET (Custo Efetivo Total)<\/strong> do financiamento. Simular as condi\u00e7\u00f5es em plataformas como o <strong data-start=\"1078\" data-end=\"1137\">Simulador de Financiamento Imobili\u00e1rio da LARYA<\/strong> pode ajudar a entender como pequenas varia\u00e7\u00f5es na taxa b\u00e1sica de juros afetam o valor das parcelas e o total financiado.<\/p>\n\n\n<div class=\"kk-star-ratings kksr-auto kksr-align-center kksr-valign-bottom\" data-payload='{&quot;align&quot;:&quot;center&quot;,&quot;id&quot;:&quot;14901&quot;,&quot;slug&quot;:&quot;default&quot;,&quot;valign&quot;:&quot;bottom&quot;,&quot;ignore&quot;:&quot;&quot;,&quot;reference&quot;:&quot;auto&quot;,&quot;class&quot;:&quot;&quot;,&quot;count&quot;:&quot;0&quot;,&quot;legendonly&quot;:&quot;&quot;,&quot;readonly&quot;:&quot;&quot;,&quot;score&quot;:&quot;0&quot;,&quot;starsonly&quot;:&quot;&quot;,&quot;best&quot;:&quot;5&quot;,&quot;gap&quot;:&quot;3&quot;,&quot;greet&quot;:&quot;Avalie este artigo&quot;,&quot;legend&quot;:&quot;0\\\/5 - (0 voto)&quot;,&quot;size&quot;:&quot;26&quot;,&quot;title&quot;:&quot;Qual o impacto da taxa Selic no mercado imobili\u00e1rio em 2025?&quot;,&quot;width&quot;:&quot;0&quot;,&quot;_legend&quot;:&quot;{score}\\\/{best} - ({count} {votes})&quot;,&quot;font_factor&quot;:&quot;1.25&quot;}'>\n            \n<div class=\"kksr-stars\">\n    \n<div class=\"kksr-stars-inactive\">\n            <div class=\"kksr-star\" data-star=\"1\" style=\"padding-right: 3px\">\n            \n\n<div class=\"kksr-icon\" style=\"width: 26px;height: 26px\"><\/div>\n        <\/div>\n            <div class=\"kksr-star\" data-star=\"2\" style=\"padding-right: 3px\">\n            \n\n<div class=\"kksr-icon\" style=\"width: 26px;height: 26px\"><\/div>\n        <\/div>\n            <div class=\"kksr-star\" data-star=\"3\" style=\"padding-right: 3px\">\n            \n\n<div class=\"kksr-icon\" style=\"width: 26px;height: 26px\"><\/div>\n        <\/div>\n            <div class=\"kksr-star\" data-star=\"4\" style=\"padding-right: 3px\">\n            \n\n<div class=\"kksr-icon\" style=\"width: 26px;height: 26px\"><\/div>\n        <\/div>\n            <div class=\"kksr-star\" data-star=\"5\" style=\"padding-right: 3px\">\n            \n\n<div class=\"kksr-icon\" style=\"width: 26px;height: 26px\"><\/div>\n        <\/div>\n    <\/div>\n    \n<div class=\"kksr-stars-active\" style=\"width: 0px\">\n            <div class=\"kksr-star\" style=\"padding-right: 3px\">\n            \n\n<div class=\"kksr-icon\" style=\"width: 26px;height: 26px\"><\/div>\n        <\/div>\n            <div class=\"kksr-star\" style=\"padding-right: 3px\">\n            \n\n<div class=\"kksr-icon\" style=\"width: 26px;height: 26px\"><\/div>\n        <\/div>\n            <div class=\"kksr-star\" style=\"padding-right: 3px\">\n            \n\n<div class=\"kksr-icon\" style=\"width: 26px;height: 26px\"><\/div>\n        <\/div>\n            <div class=\"kksr-star\" style=\"padding-right: 3px\">\n            \n\n<div class=\"kksr-icon\" style=\"width: 26px;height: 26px\"><\/div>\n        <\/div>\n            <div class=\"kksr-star\" style=\"padding-right: 3px\">\n            \n\n<div class=\"kksr-icon\" style=\"width: 26px;height: 26px\"><\/div>\n        <\/div>\n    <\/div>\n<\/div>\n                \n\n<div class=\"kksr-legend\" style=\"font-size: 20.8px\">\n            <span class=\"kksr-muted\">Avalie este artigo<\/span>\n    <\/div>\n    <\/div>\n<!-- AddThis Advanced Settings generic via filter on the_content --><!-- AddThis Share Buttons generic via filter on the_content --><\/div>\n\t\t\n\t\t\t\n\t\t\n\t\t\t\n\t\t\n\t\t\t\n\t\t\n\t\t\t\n\t\t\n\t\t\t\n\t\t\n\t\t\t<div class='ewd-ufaq-permalink'>\n\t\n\t<a href='https:\/\/larya.com.br\/blog\/ufaq\/qual-o-impacto-da-taxa-selic-no-mercado-imobiliario-em-2025\/'>\n\t\t\n\t\t\t\t <div class='ewd-ufaq-permalink-image'><\/div> \t\n\t<\/a>\n\n<\/div>\n\t\t\n\t\t\t\n\t\t\n\t\t\t\n\t\t\n\t<\/div>\n\n<\/div>\n\t<\/div>\n\n\t\n<\/div>","protected":false},"excerpt":{"rendered":"<p>A Qual o impacto da taxa Selic no mercado imobili\u00e1rio em 2025? Category: Mercado Imobili\u00e1rio A taxa Selic, principal instrumento de controle da infla\u00e7\u00e3o no Brasil, tem um impacto direto e profundo no mercado imobili\u00e1rio em 2025. Quando a Selic est\u00e1 alta, os juros dos financiamentos imobili\u00e1rios sobem, o que reduz a capacidade de compra&#8230;<!-- AddThis Advanced Settings generic via filter on get_the_excerpt --><!-- AddThis Share Buttons generic via filter on get_the_excerpt --><\/p>\n","protected":false},"author":52,"comment_status":"open","ping_status":"closed","template":"","meta":{"_uf_show_specific_survey":0,"_uf_disable_surveys":false,"_kad_post_transparent":"default","_kad_post_title":"default","_kad_post_layout":"default","_kad_post_sidebar_id":"","_kad_post_content_style":"default","_kad_post_vertical_padding":"default","_kad_post_feature":"","_kad_post_feature_position":"","_kad_post_header":false,"_kad_post_footer":false,"_kad_post_classname":""},"ufaq-category":[2514],"ufaq-tag":[],"class_list":["post-14901","ufaq","type-ufaq","status-publish","hentry","ufaq-category-mercado-imobiliario"],"aioseo_notices":[],"jetpack_sharing_enabled":true,"_links":{"self":[{"href":"https:\/\/larya.com.br\/blog\/wp-json\/wp\/v2\/ufaq\/14901","targetHints":{"allow":["GET"]}}],"collection":[{"href":"https:\/\/larya.com.br\/blog\/wp-json\/wp\/v2\/ufaq"}],"about":[{"href":"https:\/\/larya.com.br\/blog\/wp-json\/wp\/v2\/types\/ufaq"}],"author":[{"embeddable":true,"href":"https:\/\/larya.com.br\/blog\/wp-json\/wp\/v2\/users\/52"}],"replies":[{"embeddable":true,"href":"https:\/\/larya.com.br\/blog\/wp-json\/wp\/v2\/comments?post=14901"}],"wp:attachment":[{"href":"https:\/\/larya.com.br\/blog\/wp-json\/wp\/v2\/media?parent=14901"}],"wp:term":[{"taxonomy":"ufaq-category","embeddable":true,"href":"https:\/\/larya.com.br\/blog\/wp-json\/wp\/v2\/ufaq-category?post=14901"},{"taxonomy":"ufaq-tag","embeddable":true,"href":"https:\/\/larya.com.br\/blog\/wp-json\/wp\/v2\/ufaq-tag?post=14901"}],"curies":[{"name":"wp","href":"https:\/\/api.w.org\/{rel}","templated":true}]}}